{"id":7497,"date":"2022-10-28T09:49:18","date_gmt":"2022-10-28T09:49:18","guid":{"rendered":"https:\/\/elgideas.zoner.dev\/projects\/suomen-erikoislaakariyhdistys-rylle-uudistettiin-verkkosivut-ja-vaalikamppanija\/"},"modified":"2026-01-14T10:02:03","modified_gmt":"2026-01-14T10:02:03","slug":"suomen-erikoislaakariyhdistys-rylle-uudistettiin-verkkosivut-ja-vaalikamppanija","status":"publish","type":"projects","link":"https:\/\/elgideas.zoner.dev\/fi\/ty\u00f6n\u00e4ytteet\/suomen-erikoislaakariyhdistys-rylle-uudistettiin-verkkosivut-ja-vaalikamppanija\/","title":{"rendered":"Suomen Erikoisl\u00e4\u00e4k\u00e4riyhdistys br\u00e4ndin kirkastus, verkkosivut ja vaalikamppanjat"},"content":{"rendered":"\t\t<div data-elementor-type=\"wp-post\" data-elementor-id=\"7497\" class=\"elementor elementor-7497 elementor-6257\">\n\t\t\t\t\t\t<section class=\"wavo-column-gap-default elementor-section elementor-top-section elementor-element elementor-element-24edcf0e elementor-section-boxed elementor-section-height-default elementor-section-height-default\" data-id=\"24edcf0e\" data-element_type=\"section\" data-e-type=\"section\">\n\t\t\t\t\t\t<div class=\"elementor-container elementor-column-gap-default\">\n\t\t\t\t\t<div class=\"elementor-column elementor-col-100 elementor-top-column elementor-element elementor-element-5e2fc627\" data-id=\"5e2fc627\" data-element_type=\"column\" data-e-type=\"column\">\n\t\t\t<div class=\"elementor-widget-wrap elementor-element-populated\">\n\t\t\t\t\t\t<div class=\"elementor-element elementor-element-11c3fa99 elementor-widget elementor-widget-text-editor\" data-id=\"11c3fa99\" data-element_type=\"widget\" data-e-type=\"widget\" data-widget_type=\"text-editor.default\">\n\t\t\t\t<div class=\"elementor-widget-container\">\n\t\t\t\t\t\t\t\t\t<h2>Suomen Erikoisl\u00e4\u00e4k\u00e4riyhdistys ry:n uudet verkkosivut, vaalikamppanja ja EL-lehden uudistus<\/h2>\t\t\t\t\t\t\t\t<\/div>\n\t\t\t\t<\/div>\n\t\t\t\t\t<\/div>\n\t\t<\/div>\n\t\t\t\t\t<\/div>\n\t\t<\/section>\n\t\t\t\t<section class=\"wavo-column-gap-default elementor-section elementor-top-section elementor-element elementor-element-5e6554c3 elementor-section-boxed elementor-section-height-default elementor-section-height-default\" data-id=\"5e6554c3\" data-element_type=\"section\" data-e-type=\"section\">\n\t\t\t\t\t\t<div class=\"elementor-container elementor-column-gap-default\">\n\t\t\t\t\t<div class=\"elementor-column elementor-col-50 elementor-top-column elementor-element elementor-element-38dd77b0\" data-id=\"38dd77b0\" data-element_type=\"column\" data-e-type=\"column\">\n\t\t\t<div class=\"elementor-widget-wrap elementor-element-populated\">\n\t\t\t\t\t\t<div class=\"elementor-element elementor-element-f069073 elementor-widget elementor-widget-text-editor\" data-id=\"f069073\" data-element_type=\"widget\" data-e-type=\"widget\" data-widget_type=\"text-editor.default\">\n\t\t\t\t<div class=\"elementor-widget-container\">\n\t\t\t\t\t\t\t\t\t<p>Suomen Erikoisl\u00e4\u00e4k\u00e4riyhdistys ry:n uusi verkkosivusto on osa organisaation visuaalista uudistumista koko br\u00e4ndin uudistamista. Kaikki alkoi oikeastaan vaalivuonna 2021, jolloin toteutettiin vaalikamppania.\u00a0 Vaalikampanja oli laaja ja sis\u00e4lsi erilaisia digitaalisia ja painettuja materiaaleja, jotka kohdennettiin eri kohderyhmille (5 kohderyhm\u00e4\u00e4). Kampanja piti sis\u00e4ll\u00e4\u00e4n esim. s\u00e4hk\u00f6postitukset kohderyhmille, sosiaalisen median kanavissa ja L\u00e4\u00e4k\u00e4riliiton kanavassa jaetut kohdennetut mainokset, lehti-ilmoitusmateriaalia, postikortteja ja julisteita sek\u00e4 tekstiviesti muistutukset. Verkkosivusto oli n\u00e4kyv\u00e4 osa yhdistyksen vaalikampanjaa vuonna 2021, mm. ehdokkaat esiteltiin verkkosivuilla.<\/p><p>Suomen L\u00e4\u00e4k\u00e4riliiton valtuuskunnan vaali toimitettiin 24.9.\u201328.10.2024, jossa my\u00f6s SELYll\u00e4 oli vaaliehdokkaita. Suunnittelin vaalikampanian visuaalisen ilmeen ja toteutuksen.<br \/><br \/><strong>Verkkosivustolla on tehty SEO hakukoneoptimointi ja Google Analytics seuranta.<\/strong><br \/><br \/>Voit tutustua Suomen Erikoisl\u00e4\u00e4k\u00e4riyhdistys ry:n verkkosivustoon osoitteessa\u00a0<a href=\"https:\/\/www.sely.fi\/\" target=\"_blank\" rel=\"noopener\">sely.fi<\/a><\/p>\t\t\t\t\t\t\t\t<\/div>\n\t\t\t\t<\/div>\n\t\t\t\t<div class=\"elementor-element elementor-element-3f70e4f2 elementor-widget elementor-widget-spacer\" data-id=\"3f70e4f2\" data-element_type=\"widget\" data-e-type=\"widget\" data-widget_type=\"spacer.default\">\n\t\t\t\t<div class=\"elementor-widget-container\">\n\t\t\t\t\t\t\t<div class=\"elementor-spacer\">\n\t\t\t<div class=\"elementor-spacer-inner\"><\/div>\n\t\t<\/div>\n\t\t\t\t\t\t<\/div>\n\t\t\t\t<\/div>\n\t\t\t\t<div class=\"elementor-element elementor-element-1a735372 elementor-widget elementor-widget-wavo-button\" data-id=\"1a735372\" data-element_type=\"widget\" data-e-type=\"widget\" data-widget_type=\"wavo-button.default\">\n\t\t\t\t<div class=\"elementor-widget-container\">\n\t\t\t\t\t<div class=\"wavo-button\"><a class=\"wavo-btn btn-curve\" href=\"https:\/\/elgideas.zoner.dev\/referenssit-tyonaytteet\/\"><span class=\"button_text\">Ty\u00f6n\u00e4ytteisiin <\/span><\/a><\/div>\t\t\t\t<\/div>\n\t\t\t\t<\/div>\n\t\t\t\t\t<\/div>\n\t\t<\/div>\n\t\t\t\t<div class=\"elementor-column elementor-col-50 elementor-top-column elementor-element elementor-element-46a18975\" data-id=\"46a18975\" data-element_type=\"column\" data-e-type=\"column\">\n\t\t\t<div class=\"elementor-widget-wrap elementor-element-populated\">\n\t\t\t\t\t\t<div class=\"elementor-element elementor-element-50102773 elementor-arrows-position-inside elementor-pagination-position-outside elementor-widget elementor-widget-image-carousel\" data-id=\"50102773\" data-element_type=\"widget\" data-e-type=\"widget\" data-settings=\"{&quot;slides_to_show&quot;:&quot;1&quot;,&quot;navigation&quot;:&quot;both&quot;,&quot;autoplay&quot;:&quot;yes&quot;,&quot;pause_on_hover&quot;:&quot;yes&quot;,&quot;pause_on_interaction&quot;:&quot;yes&quot;,&quot;autoplay_speed&quot;:5000,&quot;infinite&quot;:&quot;yes&quot;,&quot;effect&quot;:&quot;slide&quot;,&quot;speed&quot;:500}\" data-widget_type=\"image-carousel.default\">\n\t\t\t\t<div class=\"elementor-widget-container\">\n\t\t\t\t\t\t\t<div class=\"elementor-image-carousel-wrapper swiper\" role=\"region\" aria-roledescription=\"carousel\" aria-label=\"Kuvakaruselli\" dir=\"ltr\">\n\t\t\t<div class=\"elementor-image-carousel swiper-wrapper\" aria-live=\"off\">\n\t\t\t\t\t\t\t\t<div class=\"swiper-slide\" role=\"group\" aria-roledescription=\"slide\" aria-label=\"1 of 2\"><figure class=\"swiper-slide-inner\"><img decoding=\"async\" class=\"swiper-slide-image\" src=\"https:\/\/elgideas.zoner.dev\/wp-content\/uploads\/sely.fi-sivusto.jpg\" alt=\"Sely.fi verkkosivusto\" \/><\/figure><\/div><div class=\"swiper-slide\" role=\"group\" aria-roledescription=\"slide\" aria-label=\"2 of 2\"><figure class=\"swiper-slide-inner\"><img decoding=\"async\" class=\"swiper-slide-image\" src=\"https:\/\/elgideas.zoner.dev\/wp-content\/uploads\/SELY-KAMPANIJA-MATERIAALIA.jpg\" alt=\"Sely.fi vaalikamppanja materiaali\" \/><\/figure><\/div>\t\t\t<\/div>\n\t\t\t\t\t\t\t\t\t\t\t\t<div class=\"elementor-swiper-button elementor-swiper-button-prev\" role=\"button\" tabindex=\"0\">\n\t\t\t\t\t\t<i aria-hidden=\"true\" class=\"eicon-chevron-left\"><\/i>\t\t\t\t\t<\/div>\n\t\t\t\t\t<div class=\"elementor-swiper-button elementor-swiper-button-next\" role=\"button\" tabindex=\"0\">\n\t\t\t\t\t\t<i aria-hidden=\"true\" class=\"eicon-chevron-right\"><\/i>\t\t\t\t\t<\/div>\n\t\t\t\t\n\t\t\t\t\t\t\t\t\t<div class=\"swiper-pagination\"><\/div>\n\t\t\t\t\t\t\t\t\t<\/div>\n\t\t\t\t\t\t<\/div>\n\t\t\t\t<\/div>\n\t\t\t\t\t<\/div>\n\t\t<\/div>\n\t\t\t\t\t<\/div>\n\t\t<\/section>\n\t\t\t\t<\/div>\n\t\t","protected":false},"excerpt":{"rendered":"<p>Suomen Erikoisl\u00e4\u00e4k\u00e4riyhdistys ry:n uudet verkkosivut, vaalikamppanja ja EL-lehden uudistus Suomen Erikoisl\u00e4\u00e4k\u00e4riyhdistys ry:n uusi verkkosivusto on osa organisaation visuaalista uudistumista koko br\u00e4ndin uudistamista. Kaikki alkoi oikeastaan vaalivuonna 2021, jolloin toteutettiin vaalikamppania.\u00a0 Vaalikampanja oli laaja ja sis\u00e4lsi erilaisia digitaalisia ja painettuja materiaaleja, jotka kohdennettiin eri kohderyhmille (5 kohderyhm\u00e4\u00e4). Kampanja piti sis\u00e4ll\u00e4\u00e4n esim. s\u00e4hk\u00f6postitukset kohderyhmille, sosiaalisen median kanavissa&#8230;<\/p>\n","protected":false},"featured_media":7210,"parent":0,"template":"","projects_cat":[213,212,218],"projects_tag":[220,221,222],"class_list":{"0":"post-7497","1":"projects","2":"type-projects","3":"status-publish","4":"has-post-thumbnail","5":"hentry","6":"projects_cat-verkkosivujen-suunnittelu","7":"projects_cat-brandin-suunnittelu","8":"projects_cat-graafinen-suunnittelu","9":"projects_tag-graafinen-suunnittelu","10":"projects_tag-brandin-suunnittelu","11":"projects_tag-verkkosivut","12":"nt-post-class","13":"","16":"excerpt-none"},"yoast_head":"<!-- This site is optimized with the Yoast SEO plugin v27.5 - https:\/\/yoast.com\/product\/yoast-seo-wordpress\/ -->\n<title>Suomen Erikoisl\u00e4\u00e4k\u00e4riyhdistys ry:n verkkosivusto, vaalikamppanjat ja EL-lehden uudistus<\/title>\n<meta name=\"description\" content=\"Suomen Erikoisl\u00e4\u00e4k\u00e4riyhdistys ry:n uusi verkkosivusto on osa organisaation visuaalista uudistumista koko br\u00e4ndin uudistamista.\" \/>\n<meta name=\"robots\" content=\"noindex, follow, max-snippet:-1, max-image-preview:large, max-video-preview:-1\" \/>\n<meta property=\"og:locale\" content=\"fi_FI\" \/>\n<meta property=\"og:type\" content=\"article\" \/>\n<meta property=\"og:title\" content=\"Suomen Erikoisl\u00e4\u00e4k\u00e4riyhdistys ry:n verkkosivusto, vaalikamppanjat ja EL-lehden uudistus\" \/>\n<meta property=\"og:description\" content=\"Suomen Erikoisl\u00e4\u00e4k\u00e4riyhdistys ry:n uusi verkkosivusto on osa organisaation visuaalista uudistumista koko br\u00e4ndin uudistamista.\" \/>\n<meta property=\"og:url\" content=\"https:\/\/elgideas.zoner.dev\/ty\u00f6n\u00e4ytteet\/suomen-erikoislaakariyhdistys-rylle-uudistettiin-verkkosivut-ja-vaalikamppanija\/\" \/>\n<meta property=\"og:site_name\" content=\"Tarvitsetko verkkosivut, hakukoneoptimoinnin ja Google Analyticsin?\" \/>\n<meta property=\"article:publisher\" content=\"https:\/\/www.facebook.com\/elgideas\/\" \/>\n<meta property=\"article:modified_time\" content=\"2026-01-14T10:02:03+00:00\" \/>\n<meta property=\"og:image\" content=\"https:\/\/elgideas.zoner.dev\/wp-content\/uploads\/sely.fi-sivusto.jpg\" \/>\n\t<meta property=\"og:image:width\" content=\"900\" \/>\n\t<meta property=\"og:image:height\" content=\"508\" \/>\n\t<meta property=\"og:image:type\" content=\"image\/jpeg\" \/>\n<script type=\"application\/ld+json\" class=\"yoast-schema-graph\">{\"@context\":\"https:\\\/\\\/schema.org\",\"@graph\":[{\"@type\":\"WebPage\",\"@id\":\"https:\\\/\\\/elgideas.zoner.dev\\\/ty\u00f6n\u00e4ytteet\\\/suomen-erikoislaakariyhdistys-rylle-uudistettiin-verkkosivut-ja-vaalikamppanija\\\/\",\"url\":\"https:\\\/\\\/elgideas.zoner.dev\\\/ty\u00f6n\u00e4ytteet\\\/suomen-erikoislaakariyhdistys-rylle-uudistettiin-verkkosivut-ja-vaalikamppanija\\\/\",\"name\":\"Suomen Erikoisl\u00e4\u00e4k\u00e4riyhdistys ry:n verkkosivusto, vaalikamppanjat ja EL-lehden uudistus\",\"isPartOf\":{\"@id\":\"https:\\\/\\\/elgideas.zoner.dev\\\/#website\"},\"primaryImageOfPage\":{\"@id\":\"https:\\\/\\\/elgideas.zoner.dev\\\/ty\u00f6n\u00e4ytteet\\\/suomen-erikoislaakariyhdistys-rylle-uudistettiin-verkkosivut-ja-vaalikamppanija\\\/#primaryimage\"},\"image\":{\"@id\":\"https:\\\/\\\/elgideas.zoner.dev\\\/ty\u00f6n\u00e4ytteet\\\/suomen-erikoislaakariyhdistys-rylle-uudistettiin-verkkosivut-ja-vaalikamppanija\\\/#primaryimage\"},\"thumbnailUrl\":\"https:\\\/\\\/elgideas.zoner.dev\\\/wp-content\\\/uploads\\\/sely.fi-sivusto.jpg\",\"datePublished\":\"2022-10-28T09:49:18+00:00\",\"dateModified\":\"2026-01-14T10:02:03+00:00\",\"description\":\"Suomen Erikoisl\u00e4\u00e4k\u00e4riyhdistys ry:n uusi verkkosivusto on osa organisaation visuaalista uudistumista koko br\u00e4ndin uudistamista.\",\"breadcrumb\":{\"@id\":\"https:\\\/\\\/elgideas.zoner.dev\\\/ty\u00f6n\u00e4ytteet\\\/suomen-erikoislaakariyhdistys-rylle-uudistettiin-verkkosivut-ja-vaalikamppanija\\\/#breadcrumb\"},\"inLanguage\":\"fi\",\"potentialAction\":[{\"@type\":\"ReadAction\",\"target\":[\"https:\\\/\\\/elgideas.zoner.dev\\\/ty\u00f6n\u00e4ytteet\\\/suomen-erikoislaakariyhdistys-rylle-uudistettiin-verkkosivut-ja-vaalikamppanija\\\/\"]}]},{\"@type\":\"ImageObject\",\"inLanguage\":\"fi\",\"@id\":\"https:\\\/\\\/elgideas.zoner.dev\\\/ty\u00f6n\u00e4ytteet\\\/suomen-erikoislaakariyhdistys-rylle-uudistettiin-verkkosivut-ja-vaalikamppanija\\\/#primaryimage\",\"url\":\"https:\\\/\\\/elgideas.zoner.dev\\\/wp-content\\\/uploads\\\/sely.fi-sivusto.jpg\",\"contentUrl\":\"https:\\\/\\\/elgideas.zoner.dev\\\/wp-content\\\/uploads\\\/sely.fi-sivusto.jpg\",\"width\":900,\"height\":508,\"caption\":\"Sely.fi verkkosivusto\"},{\"@type\":\"BreadcrumbList\",\"@id\":\"https:\\\/\\\/elgideas.zoner.dev\\\/ty\u00f6n\u00e4ytteet\\\/suomen-erikoislaakariyhdistys-rylle-uudistettiin-verkkosivut-ja-vaalikamppanija\\\/#breadcrumb\",\"itemListElement\":[{\"@type\":\"ListItem\",\"position\":1,\"name\":\"Home\",\"item\":\"https:\\\/\\\/elgideas.zoner.dev\\\/\"},{\"@type\":\"ListItem\",\"position\":2,\"name\":\"Projects\",\"item\":\"https:\\\/\\\/elgideas.zoner.dev\\\/ty\u00f6n\u00e4ytteet\\\/\"},{\"@type\":\"ListItem\",\"position\":3,\"name\":\"Suomen Erikoisl\u00e4\u00e4k\u00e4riyhdistys br\u00e4ndin kirkastus, verkkosivut ja vaalikamppanjat\"}]},{\"@type\":\"WebSite\",\"@id\":\"https:\\\/\\\/elgideas.zoner.dev\\\/#website\",\"url\":\"https:\\\/\\\/elgideas.zoner.dev\\\/\",\"name\":\"Elgideas | Digitaalista markkinointia ja graafista suunnittelua\",\"description\":\"Verkkosivujen hakukoneoptimointi SEO ja graafista suunnittelua\",\"publisher\":{\"@id\":\"https:\\\/\\\/elgideas.zoner.dev\\\/#organization\"},\"alternateName\":\"Elgideas\",\"potentialAction\":[{\"@type\":\"SearchAction\",\"target\":{\"@type\":\"EntryPoint\",\"urlTemplate\":\"https:\\\/\\\/elgideas.zoner.dev\\\/?s={search_term_string}\"},\"query-input\":{\"@type\":\"PropertyValueSpecification\",\"valueRequired\":true,\"valueName\":\"search_term_string\"}}],\"inLanguage\":\"fi\"},{\"@type\":\"Organization\",\"@id\":\"https:\\\/\\\/elgideas.zoner.dev\\\/#organization\",\"name\":\"Tarvitsetko verkkosivut, hakukoneoptimoinnin SEO ja Google Analyticsin?\",\"alternateName\":\"Verkkosivut, hakukoneoptimointi SEO ja Google Analytics\",\"url\":\"https:\\\/\\\/elgideas.zoner.dev\\\/\",\"logo\":{\"@type\":\"ImageObject\",\"inLanguage\":\"fi\",\"@id\":\"https:\\\/\\\/elgideas.zoner.dev\\\/#\\\/schema\\\/logo\\\/image\\\/\",\"url\":\"https:\\\/\\\/elgideas.zoner.dev\\\/wp-content\\\/uploads\\\/cropped-logo_512-1.png\",\"contentUrl\":\"https:\\\/\\\/elgideas.zoner.dev\\\/wp-content\\\/uploads\\\/cropped-logo_512-1.png\",\"width\":512,\"height\":512,\"caption\":\"Tarvitsetko verkkosivut, hakukoneoptimoinnin SEO ja Google Analyticsin?\"},\"image\":{\"@id\":\"https:\\\/\\\/elgideas.zoner.dev\\\/#\\\/schema\\\/logo\\\/image\\\/\"},\"sameAs\":[\"https:\\\/\\\/www.facebook.com\\\/elgideas\\\/\",\"https:\\\/\\\/www.linkedin.com\\\/in\\\/sari-elg-08706355\\\/\"]}]}<\/script>\n<!-- \/ Yoast SEO plugin. -->","yoast_head_json":{"title":"Suomen Erikoisl\u00e4\u00e4k\u00e4riyhdistys ry:n verkkosivusto, vaalikamppanjat ja EL-lehden uudistus","description":"Suomen Erikoisl\u00e4\u00e4k\u00e4riyhdistys ry:n uusi verkkosivusto on osa organisaation visuaalista uudistumista koko br\u00e4ndin uudistamista.","robots":{"index":"noindex","follow":"follow","max-snippet":"max-snippet:-1","max-image-preview":"max-image-preview:large","max-video-preview":"max-video-preview:-1"},"og_locale":"fi_FI","og_type":"article","og_title":"Suomen Erikoisl\u00e4\u00e4k\u00e4riyhdistys ry:n verkkosivusto, vaalikamppanjat ja EL-lehden uudistus","og_description":"Suomen Erikoisl\u00e4\u00e4k\u00e4riyhdistys ry:n uusi verkkosivusto on osa organisaation visuaalista uudistumista koko br\u00e4ndin uudistamista.","og_url":"https:\/\/elgideas.zoner.dev\/ty\u00f6n\u00e4ytteet\/suomen-erikoislaakariyhdistys-rylle-uudistettiin-verkkosivut-ja-vaalikamppanija\/","og_site_name":"Tarvitsetko verkkosivut, hakukoneoptimoinnin ja Google Analyticsin?","article_publisher":"https:\/\/www.facebook.com\/elgideas\/","article_modified_time":"2026-01-14T10:02:03+00:00","og_image":[{"width":900,"height":508,"url":"https:\/\/elgideas.zoner.dev\/wp-content\/uploads\/sely.fi-sivusto.jpg","type":"image\/jpeg"}],"schema":{"@context":"https:\/\/schema.org","@graph":[{"@type":"WebPage","@id":"https:\/\/elgideas.zoner.dev\/ty\u00f6n\u00e4ytteet\/suomen-erikoislaakariyhdistys-rylle-uudistettiin-verkkosivut-ja-vaalikamppanija\/","url":"https:\/\/elgideas.zoner.dev\/ty\u00f6n\u00e4ytteet\/suomen-erikoislaakariyhdistys-rylle-uudistettiin-verkkosivut-ja-vaalikamppanija\/","name":"Suomen Erikoisl\u00e4\u00e4k\u00e4riyhdistys ry:n verkkosivusto, vaalikamppanjat ja EL-lehden uudistus","isPartOf":{"@id":"https:\/\/elgideas.zoner.dev\/#website"},"primaryImageOfPage":{"@id":"https:\/\/elgideas.zoner.dev\/ty\u00f6n\u00e4ytteet\/suomen-erikoislaakariyhdistys-rylle-uudistettiin-verkkosivut-ja-vaalikamppanija\/#primaryimage"},"image":{"@id":"https:\/\/elgideas.zoner.dev\/ty\u00f6n\u00e4ytteet\/suomen-erikoislaakariyhdistys-rylle-uudistettiin-verkkosivut-ja-vaalikamppanija\/#primaryimage"},"thumbnailUrl":"https:\/\/elgideas.zoner.dev\/wp-content\/uploads\/sely.fi-sivusto.jpg","datePublished":"2022-10-28T09:49:18+00:00","dateModified":"2026-01-14T10:02:03+00:00","description":"Suomen Erikoisl\u00e4\u00e4k\u00e4riyhdistys ry:n uusi verkkosivusto on osa organisaation visuaalista uudistumista koko br\u00e4ndin uudistamista.","breadcrumb":{"@id":"https:\/\/elgideas.zoner.dev\/ty\u00f6n\u00e4ytteet\/suomen-erikoislaakariyhdistys-rylle-uudistettiin-verkkosivut-ja-vaalikamppanija\/#breadcrumb"},"inLanguage":"fi","potentialAction":[{"@type":"ReadAction","target":["https:\/\/elgideas.zoner.dev\/ty\u00f6n\u00e4ytteet\/suomen-erikoislaakariyhdistys-rylle-uudistettiin-verkkosivut-ja-vaalikamppanija\/"]}]},{"@type":"ImageObject","inLanguage":"fi","@id":"https:\/\/elgideas.zoner.dev\/ty\u00f6n\u00e4ytteet\/suomen-erikoislaakariyhdistys-rylle-uudistettiin-verkkosivut-ja-vaalikamppanija\/#primaryimage","url":"https:\/\/elgideas.zoner.dev\/wp-content\/uploads\/sely.fi-sivusto.jpg","contentUrl":"https:\/\/elgideas.zoner.dev\/wp-content\/uploads\/sely.fi-sivusto.jpg","width":900,"height":508,"caption":"Sely.fi verkkosivusto"},{"@type":"BreadcrumbList","@id":"https:\/\/elgideas.zoner.dev\/ty\u00f6n\u00e4ytteet\/suomen-erikoislaakariyhdistys-rylle-uudistettiin-verkkosivut-ja-vaalikamppanija\/#breadcrumb","itemListElement":[{"@type":"ListItem","position":1,"name":"Home","item":"https:\/\/elgideas.zoner.dev\/"},{"@type":"ListItem","position":2,"name":"Projects","item":"https:\/\/elgideas.zoner.dev\/ty\u00f6n\u00e4ytteet\/"},{"@type":"ListItem","position":3,"name":"Suomen Erikoisl\u00e4\u00e4k\u00e4riyhdistys br\u00e4ndin kirkastus, verkkosivut ja vaalikamppanjat"}]},{"@type":"WebSite","@id":"https:\/\/elgideas.zoner.dev\/#website","url":"https:\/\/elgideas.zoner.dev\/","name":"Elgideas | Digitaalista markkinointia ja graafista suunnittelua","description":"Verkkosivujen hakukoneoptimointi SEO ja graafista suunnittelua","publisher":{"@id":"https:\/\/elgideas.zoner.dev\/#organization"},"alternateName":"Elgideas","potentialAction":[{"@type":"SearchAction","target":{"@type":"EntryPoint","urlTemplate":"https:\/\/elgideas.zoner.dev\/?s={search_term_string}"},"query-input":{"@type":"PropertyValueSpecification","valueRequired":true,"valueName":"search_term_string"}}],"inLanguage":"fi"},{"@type":"Organization","@id":"https:\/\/elgideas.zoner.dev\/#organization","name":"Tarvitsetko verkkosivut, hakukoneoptimoinnin SEO ja Google Analyticsin?","alternateName":"Verkkosivut, hakukoneoptimointi SEO ja Google Analytics","url":"https:\/\/elgideas.zoner.dev\/","logo":{"@type":"ImageObject","inLanguage":"fi","@id":"https:\/\/elgideas.zoner.dev\/#\/schema\/logo\/image\/","url":"https:\/\/elgideas.zoner.dev\/wp-content\/uploads\/cropped-logo_512-1.png","contentUrl":"https:\/\/elgideas.zoner.dev\/wp-content\/uploads\/cropped-logo_512-1.png","width":512,"height":512,"caption":"Tarvitsetko verkkosivut, hakukoneoptimoinnin SEO ja Google Analyticsin?"},"image":{"@id":"https:\/\/elgideas.zoner.dev\/#\/schema\/logo\/image\/"},"sameAs":["https:\/\/www.facebook.com\/elgideas\/","https:\/\/www.linkedin.com\/in\/sari-elg-08706355\/"]}]}},"_links":{"self":[{"href":"https:\/\/elgideas.zoner.dev\/fi\/wp-json\/wp\/v2\/projects\/7497","targetHints":{"allow":["GET"]}}],"collection":[{"href":"https:\/\/elgideas.zoner.dev\/fi\/wp-json\/wp\/v2\/projects"}],"about":[{"href":"https:\/\/elgideas.zoner.dev\/fi\/wp-json\/wp\/v2\/types\/projects"}],"version-history":[{"count":27,"href":"https:\/\/elgideas.zoner.dev\/fi\/wp-json\/wp\/v2\/projects\/7497\/revisions"}],"predecessor-version":[{"id":10391,"href":"https:\/\/elgideas.zoner.dev\/fi\/wp-json\/wp\/v2\/projects\/7497\/revisions\/10391"}],"wp:featuredmedia":[{"embeddable":true,"href":"https:\/\/elgideas.zoner.dev\/fi\/wp-json\/wp\/v2\/media\/7210"}],"wp:attachment":[{"href":"https:\/\/elgideas.zoner.dev\/fi\/wp-json\/wp\/v2\/media?parent=7497"}],"wp:term":[{"taxonomy":"projects_cat","embeddable":true,"href":"https:\/\/elgideas.zoner.dev\/fi\/wp-json\/wp\/v2\/projects_cat?post=7497"},{"taxonomy":"projects_tag","embeddable":true,"href":"https:\/\/elgideas.zoner.dev\/fi\/wp-json\/wp\/v2\/projects_tag?post=7497"}],"curies":[{"name":"wp","href":"https:\/\/api.w.org\/{rel}","templated":true}]}}